{"id":6041,"date":"2024-02-16T12:28:49","date_gmt":"2024-02-16T12:28:49","guid":{"rendered":"https:\/\/guerilla.pt\/screen\/?page_id=6041"},"modified":"2025-11-21T10:11:06","modified_gmt":"2025-11-21T10:11:06","slug":"news","status":"publish","type":"page","link":"https:\/\/screenhealth.uc.pt\/pt\/news\/","title":{"rendered":"Not\u00edcias"},"content":{"rendered":"<div id=\"fws_69f09dc2d8a28\"  data-column-margin=\"default\" data-midnight=\"dark\"  class=\"wpb_row vc_row-fluid vc_row full-width-section parallax_section\"  style=\"padding-top: 225px; padding-bottom: 150px; \"><div class=\"row-bg-wrap\" data-bg-animation=\"zoom-out-slow\" data-bg-animation-delay=\"\" data-bg-overlay=\"true\"><div class=\"inner-wrap row-bg-layer using-image\" ><div class=\"row-bg viewport-desktop using-image\" data-parallax-speed=\"slow\" style=\"background-image: url(https:\/\/screenhealth.uc.pt\/wp-content\/uploads\/2024\/02\/pile-newspapers-blur-background1.jpg); background-position: center center; background-repeat: no-repeat; \"><\/div><\/div><div class=\"row-bg-overlay row-bg-layer\" style=\"background: #ec6836; background: linear-gradient(to bottom,#ec6836 0%,#353232 100%);  opacity: 0.8; \"><\/div><\/div><div class=\"row_col_wrap_12 col span_12 dark left\">\n\t<div  class=\"vc_col-sm-12 wpb_column column_container vc_column_container col no-extra-padding inherit_tablet inherit_phone\"  data-padding-pos=\"all\" data-has-bg-color=\"false\" data-bg-color=\"\" data-bg-opacity=\"1\" data-animation=\"\" data-delay=\"0\" >\n\t\t<div class=\"vc_column-inner\" >\n\t\t\t<div class=\"wpb_wrapper\">\n\t\t\t\t\n<div class=\"wpb_text_column wpb_content_element  wpb_animate_when_almost_visible wpb_fadeInUp fadeInUp\" >\n\t<div class=\"wpb_wrapper\">\n\t\t<h2 style=\"text-align: center; color: white !important;\">Not\u00edcias<\/h2>\n\t<\/div>\n<\/div>\n\n\n\n<div class=\"divider-wrap\" data-alignment=\"center\"><div style=\"margin-top: 15px; width: 20%; height: 3px; margin-bottom: 15px;\" data-width=\"20%\" data-animate=\"yes\" data-animation-delay=\"\" data-color=\"extra-color-1\" class=\"divider-small-border\"><\/div><\/div>\n\t\t\t<\/div> \n\t\t<\/div>\n\t<\/div> \n<\/div><\/div>\n\t\t<div id=\"fws_69f09dc2d9ff0\"  data-column-margin=\"default\" data-midnight=\"dark\"  class=\"wpb_row vc_row-fluid vc_row full-width-section\"  style=\"padding-top: 100px; padding-bottom: 100px; \"><div class=\"row-bg-wrap\" data-bg-animation=\"none\" data-bg-animation-delay=\"\" data-bg-overlay=\"true\"><div class=\"inner-wrap row-bg-layer\" ><div class=\"row-bg viewport-desktop\"  style=\"\"><\/div><\/div><div class=\"row-bg-overlay row-bg-layer\" style=\"background-color:#ffffff;  opacity: 0.8; \"><\/div><\/div><div class=\"row_col_wrap_12 col span_12 dark left\">\n\t<div  class=\"vc_col-sm-12 wpb_column column_container vc_column_container col has-animation no-extra-padding inherit_tablet inherit_phone\"  data-padding-pos=\"all\" data-has-bg-color=\"false\" data-bg-color=\"\" data-bg-opacity=\"1\" data-animation=\"reveal-from-left\" data-delay=\"0\" >\n\t\t<div class=\"vc_column-inner\" >\n\t\t\t<div class=\"wpb_wrapper\">\n\t\t\t\t\n    <div class=\"row blog-recent columns-3\" data-style=\"classic_enhanced_alt\" data-color-scheme=\"light\" data-remove-post-date=\"1\" data-remove-post-author=\"1\" data-remove-post-comment-number=\"1\" data-remove-post-nectar-love=\"1\">\n\n      \n      <div class=\"col span_4 post-6442 post type-post status-publish format-standard has-post-thumbnail category-news\" >\n\n        \n            <div class=\"inner-wrap post-6442 post type-post status-publish format-standard has-post-thumbnail category-news\">\n\n            <a href=\"https:\/\/screenhealth.uc.pt\/pt\/o-uso-excessivo-de-ecras-entre-criancas-e-adolescentes\/\" class=\"img-link\" ><span class=\"post-featured-img\"><img loading=\"lazy\" decoding=\"async\" width=\"500\" height=\"1000\" src=\"https:\/\/screenhealth.uc.pt\/wp-content\/uploads\/2024\/02\/screen_health_ilustracoes_ilustration_1-1-500x1000.png\" class=\"attachment-tall size-tall wp-post-image\" alt=\"\" title=\"\" sizes=\"auto, (min-width: 1300px) 33vw, (min-width: 1000px) 33vw, (min-width: 690px) 100vw, 100vw\" \/><\/span><\/a><span class=\"meta-category\"><a class=\"news\" href=\"https:\/\/screenhealth.uc.pt\/pt\/category\/news\/\">Not\u00edcias<\/a><\/span><a class=\"entire-meta-link\" href=\"https:\/\/screenhealth.uc.pt\/pt\/o-uso-excessivo-de-ecras-entre-criancas-e-adolescentes\/\" ><span class=\"screen-reader-text\">O uso excessivo de ecr\u00e3s entre crian\u00e7as e adolescentes<\/span><\/a>\n            <div class=\"article-content-wrap\">\n              <div class=\"post-header\">\n                <span class=\"meta\"> 4 de Mar\u00e7o, 2026 <\/span>\n                <h3 class=\"title\">O uso excessivo de ecr\u00e3s entre crian\u00e7as e adolescentes<\/h3>\n              <\/div><!--\/post-header-->\n              <div class=\"excerpt\">\n                PT: \u00a0 A Investigadora Principal do projeto, Daniela Rodrigues, foi convidada para escrever um artigo de opini\u00e3o pela Tempo Livre.\u00a0A Tempo Livre \u00e9 uma r\u00e9gie cooperativa criada por iniciativa da&hellip;              <\/div>\n            <\/div>\n\n            <div class=\"post-meta\">\n              <span class=\"meta-author\"> <a href=\"https:\/\/screenhealth.uc.pt\/pt\/author\/guerilla\/\"> <i class=\"icon-default-style icon-salient-m-user\"><\/i> guerilla<\/a> <\/span>\n\n              \n              <div class=\"nectar-love-wrap\">\n                <a href=\"#\" class=\"nectar-love\" id=\"nectar-love-6442\" title=\"Love this\"> <i class=\"icon-salient-heart-2\"><\/i><span class=\"love-text\">Love<\/span><span class=\"total_loves\"><span class=\"nectar-love-count\">0<\/span><\/span><\/a>              <\/div><!--\/nectar-love-wrap-->\n            <\/div>\n\n          <\/div>\n\n        \n      <\/div><!--\/col-->\n\n      \n      <div class=\"col span_4 post-6432 post type-post status-publish format-standard has-post-thumbnail category-news\" >\n\n        \n            <div class=\"inner-wrap post-6432 post type-post status-publish format-standard has-post-thumbnail category-news\">\n\n            <a href=\"https:\/\/screenhealth.uc.pt\/pt\/project-results-presented-at-the-6th-cibb-retreat\/\" class=\"img-link\" ><span class=\"post-featured-img\"><img loading=\"lazy\" decoding=\"async\" width=\"500\" height=\"1000\" src=\"https:\/\/screenhealth.uc.pt\/wp-content\/uploads\/2026\/03\/WhatsApp-Image-2026-01-21-at-16.19.07-500x1000.jpeg\" class=\"attachment-tall size-tall wp-post-image\" alt=\"\" title=\"\" sizes=\"auto, (min-width: 1300px) 33vw, (min-width: 1000px) 33vw, (min-width: 690px) 100vw, 100vw\" \/><\/span><\/a><span class=\"meta-category\"><a class=\"news\" href=\"https:\/\/screenhealth.uc.pt\/pt\/category\/news\/\">Not\u00edcias<\/a><\/span><a class=\"entire-meta-link\" href=\"https:\/\/screenhealth.uc.pt\/pt\/project-results-presented-at-the-6th-cibb-retreat\/\" ><span class=\"screen-reader-text\">Project Results Presented at the 6th CiBB Retreat<\/span><\/a>\n            <div class=\"article-content-wrap\">\n              <div class=\"post-header\">\n                <span class=\"meta\"> 4 de Mar\u00e7o, 2026 <\/span>\n                <h3 class=\"title\">Project Results Presented at the 6th CiBB Retreat<\/h3>\n              <\/div><!--\/post-header-->\n              <div class=\"excerpt\">\n                Project Results Presented at the 6th CiBB Retreat Our project was invited to share recent results at the\u00a06th CiBB Retreat \u2013 Metabolism, Aging and Disease (MAD), held on\u00a0January 20\u201321, 2026,&hellip;              <\/div>\n            <\/div>\n\n            <div class=\"post-meta\">\n              <span class=\"meta-author\"> <a href=\"https:\/\/screenhealth.uc.pt\/pt\/author\/guerilla\/\"> <i class=\"icon-default-style icon-salient-m-user\"><\/i> guerilla<\/a> <\/span>\n\n              \n              <div class=\"nectar-love-wrap\">\n                <a href=\"#\" class=\"nectar-love\" id=\"nectar-love-6432\" title=\"Love this\"> <i class=\"icon-salient-heart-2\"><\/i><span class=\"love-text\">Love<\/span><span class=\"total_loves\"><span class=\"nectar-love-count\">0<\/span><\/span><\/a>              <\/div><!--\/nectar-love-wrap-->\n            <\/div>\n\n          <\/div>\n\n        \n      <\/div><!--\/col-->\n\n      \n      <div class=\"col span_4 post-6415 post type-post status-publish format-standard has-post-thumbnail category-news\" >\n\n        \n            <div class=\"inner-wrap post-6415 post type-post status-publish format-standard has-post-thumbnail category-news\">\n\n            <a href=\"https:\/\/screenhealth.uc.pt\/pt\/the-screenhealth-project-was-represented-at-the-european-researchers-night-2025\/\" class=\"img-link\" ><span class=\"post-featured-img\"><img loading=\"lazy\" decoding=\"async\" width=\"500\" height=\"1000\" src=\"https:\/\/screenhealth.uc.pt\/wp-content\/uploads\/2025\/11\/NEI_25_1-500x1000.jpg\" class=\"attachment-tall size-tall wp-post-image\" alt=\"\" title=\"\" sizes=\"auto, (min-width: 1300px) 33vw, (min-width: 1000px) 33vw, (min-width: 690px) 100vw, 100vw\" \/><\/span><\/a><span class=\"meta-category\"><a class=\"news\" href=\"https:\/\/screenhealth.uc.pt\/pt\/category\/news\/\">Not\u00edcias<\/a><\/span><a class=\"entire-meta-link\" href=\"https:\/\/screenhealth.uc.pt\/pt\/the-screenhealth-project-was-represented-at-the-european-researchers-night-2025\/\" ><span class=\"screen-reader-text\">The ScreenHealth project was represented at the European Researchers&#8217; Night 2025<\/span><\/a>\n            <div class=\"article-content-wrap\">\n              <div class=\"post-header\">\n                <span class=\"meta\"> 21 de Novembro, 2025 <\/span>\n                <h3 class=\"title\">The ScreenHealth project was represented at the European Researchers&#8217; Night 2025<\/h3>\n              <\/div><!--\/post-header-->\n              <div class=\"excerpt\">\n                The\u00a0ScreenHealth\u00a0project\u00a0was represented at the European Researchers' Night 2025. Once again, we took to the streets to bring science to all families. On September 26th, between 5 PM and midnight, the&hellip;              <\/div>\n            <\/div>\n\n            <div class=\"post-meta\">\n              <span class=\"meta-author\"> <a href=\"https:\/\/screenhealth.uc.pt\/pt\/author\/guerilla\/\"> <i class=\"icon-default-style icon-salient-m-user\"><\/i> guerilla<\/a> <\/span>\n\n              \n              <div class=\"nectar-love-wrap\">\n                <a href=\"#\" class=\"nectar-love\" id=\"nectar-love-6415\" title=\"Love this\"> <i class=\"icon-salient-heart-2\"><\/i><span class=\"love-text\">Love<\/span><span class=\"total_loves\"><span class=\"nectar-love-count\">0<\/span><\/span><\/a>              <\/div><!--\/nectar-love-wrap-->\n            <\/div>\n\n          <\/div>\n\n        \n      <\/div><!--\/col-->\n\n      \n      <div class=\"col span_4 post-6411 post type-post status-publish format-standard has-post-thumbnail category-news\" >\n\n        \n            <div class=\"inner-wrap post-6411 post type-post status-publish format-standard has-post-thumbnail category-news\">\n\n            <a href=\"https:\/\/screenhealth.uc.pt\/pt\/results-from-the-screenhealth-project-were-presented-at-the-20th-annual-meeting-and-16th-conference-of-hepa-europe\/\" class=\"img-link\" ><span class=\"post-featured-img\"><img loading=\"lazy\" decoding=\"async\" width=\"500\" height=\"1000\" src=\"https:\/\/screenhealth.uc.pt\/wp-content\/uploads\/2025\/11\/HEPA1-500x1000.jpg\" class=\"attachment-tall size-tall wp-post-image\" alt=\"\" title=\"\" sizes=\"auto, (min-width: 1300px) 33vw, (min-width: 1000px) 33vw, (min-width: 690px) 100vw, 100vw\" \/><\/span><\/a><span class=\"meta-category\"><a class=\"news\" href=\"https:\/\/screenhealth.uc.pt\/pt\/category\/news\/\">Not\u00edcias<\/a><\/span><a class=\"entire-meta-link\" href=\"https:\/\/screenhealth.uc.pt\/pt\/results-from-the-screenhealth-project-were-presented-at-the-20th-annual-meeting-and-16th-conference-of-hepa-europe\/\" ><span class=\"screen-reader-text\">Results from the ScreenHealth project were presented at the 20th annual meeting and 16th conference of HEPA Europe<\/span><\/a>\n            <div class=\"article-content-wrap\">\n              <div class=\"post-header\">\n                <span class=\"meta\"> 21 de Novembro, 2025 <\/span>\n                <h3 class=\"title\">Results from the ScreenHealth project were presented at the 20th annual meeting and 16th conference of HEPA Europe<\/h3>\n              <\/div><!--\/post-header-->\n              <div class=\"excerpt\">\n                Results from the ScreenHealth project were presented at the 20th annual meeting and 16th conference of HEPA Europe, the European Network for the Promotion of Physical Activity that Promotes Health.&hellip;              <\/div>\n            <\/div>\n\n            <div class=\"post-meta\">\n              <span class=\"meta-author\"> <a href=\"https:\/\/screenhealth.uc.pt\/pt\/author\/guerilla\/\"> <i class=\"icon-default-style icon-salient-m-user\"><\/i> guerilla<\/a> <\/span>\n\n              \n              <div class=\"nectar-love-wrap\">\n                <a href=\"#\" class=\"nectar-love\" id=\"nectar-love-6411\" title=\"Love this\"> <i class=\"icon-salient-heart-2\"><\/i><span class=\"love-text\">Love<\/span><span class=\"total_loves\"><span class=\"nectar-love-count\">0<\/span><\/span><\/a>              <\/div><!--\/nectar-love-wrap-->\n            <\/div>\n\n          <\/div>\n\n        \n      <\/div><!--\/col-->\n\n      \n      <div class=\"col span_4 post-6407 post type-post status-publish format-standard has-post-thumbnail category-news\" >\n\n        \n            <div class=\"inner-wrap post-6407 post type-post status-publish format-standard has-post-thumbnail category-news\">\n\n            <a href=\"https:\/\/screenhealth.uc.pt\/pt\/niko-mannikko-presented-the-paper-device-specific-and-contextual-patterns-of-screen-use-and-their-links-to-socio-emotional-development-in-early-childhood\/\" class=\"img-link\" ><span class=\"post-featured-img\"><img loading=\"lazy\" decoding=\"async\" width=\"500\" height=\"1000\" src=\"https:\/\/screenhealth.uc.pt\/wp-content\/uploads\/2025\/11\/3-500x1000.jpg\" class=\"attachment-tall size-tall wp-post-image\" alt=\"\" title=\"\" sizes=\"auto, (min-width: 1300px) 33vw, (min-width: 1000px) 33vw, (min-width: 690px) 100vw, 100vw\" \/><\/span><\/a><span class=\"meta-category\"><a class=\"news\" href=\"https:\/\/screenhealth.uc.pt\/pt\/category\/news\/\">Not\u00edcias<\/a><\/span><a class=\"entire-meta-link\" href=\"https:\/\/screenhealth.uc.pt\/pt\/niko-mannikko-presented-the-paper-device-specific-and-contextual-patterns-of-screen-use-and-their-links-to-socio-emotional-development-in-early-childhood\/\" ><span class=\"screen-reader-text\">Niko M\u00e4nnikk\u00f6 presented the paper &#8220;Device-Specific and Contextual Patterns of Screen Use and Their Links to Socio-Emotional Development in Early Childhood&#8221;<\/span><\/a>\n            <div class=\"article-content-wrap\">\n              <div class=\"post-header\">\n                <span class=\"meta\"> 21 de Novembro, 2025 <\/span>\n                <h3 class=\"title\">Niko M\u00e4nnikk\u00f6 presented the paper &#8220;Device-Specific and Contextual Patterns of Screen Use and Their Links to Socio-Emotional Development in Early Childhood&#8221;<\/h3>\n              <\/div><!--\/post-header-->\n              <div class=\"excerpt\">\n                Niko M\u00e4nnikk\u00f6 presented the paper \"Device-Specific and Contextual Patterns of Screen Use and Their Links to Socio-Emotional Development in Early Childhood\" at the 17th International Conference on Child and Adolescent&hellip;              <\/div>\n            <\/div>\n\n            <div class=\"post-meta\">\n              <span class=\"meta-author\"> <a href=\"https:\/\/screenhealth.uc.pt\/pt\/author\/guerilla\/\"> <i class=\"icon-default-style icon-salient-m-user\"><\/i> guerilla<\/a> <\/span>\n\n              \n              <div class=\"nectar-love-wrap\">\n                <a href=\"#\" class=\"nectar-love\" id=\"nectar-love-6407\" title=\"Love this\"> <i class=\"icon-salient-heart-2\"><\/i><span class=\"love-text\">Love<\/span><span class=\"total_loves\"><span class=\"nectar-love-count\">0<\/span><\/span><\/a>              <\/div><!--\/nectar-love-wrap-->\n            <\/div>\n\n          <\/div>\n\n        \n      <\/div><!--\/col-->\n\n      \n      <div class=\"col span_4 post-6395 post type-post status-publish format-standard has-post-thumbnail category-news\" >\n\n        \n            <div class=\"inner-wrap post-6395 post type-post status-publish format-standard has-post-thumbnail category-news\">\n\n            <a href=\"https:\/\/screenhealth.uc.pt\/pt\/socioeconomic-disruptions-and-obesity\/\" class=\"img-link\" ><span class=\"post-featured-img\"><img loading=\"lazy\" decoding=\"async\" width=\"500\" height=\"519\" src=\"https:\/\/screenhealth.uc.pt\/wp-content\/uploads\/2025\/02\/Congresso-SPEO-2024_2-500x519.jpg\" class=\"attachment-tall size-tall wp-post-image\" alt=\"\" title=\"\" sizes=\"auto, (min-width: 1300px) 33vw, (min-width: 1000px) 33vw, (min-width: 690px) 100vw, 100vw\" \/><\/span><\/a><span class=\"meta-category\"><a class=\"news\" href=\"https:\/\/screenhealth.uc.pt\/pt\/category\/news\/\">Not\u00edcias<\/a><\/span><a class=\"entire-meta-link\" href=\"https:\/\/screenhealth.uc.pt\/pt\/socioeconomic-disruptions-and-obesity\/\" ><span class=\"screen-reader-text\">Disrup\u00e7\u00f5es socioecon\u00f3micas e obesidade<\/span><\/a>\n            <div class=\"article-content-wrap\">\n              <div class=\"post-header\">\n                <span class=\"meta\"> 27 de Fevereiro, 2025 <\/span>\n                <h3 class=\"title\">Disrup\u00e7\u00f5es socioecon\u00f3micas e obesidade<\/h3>\n              <\/div><!--\/post-header-->\n              <div class=\"excerpt\">\n                Some studies suggest that childhood obesity increases during economic recessions, while others show the opposite. The work that Daniela Rodrigues presented at the 28th Congress of the Portuguese Society for&hellip;              <\/div>\n            <\/div>\n\n            <div class=\"post-meta\">\n              <span class=\"meta-author\"> <a href=\"https:\/\/screenhealth.uc.pt\/pt\/author\/guerilla\/\"> <i class=\"icon-default-style icon-salient-m-user\"><\/i> guerilla<\/a> <\/span>\n\n              \n              <div class=\"nectar-love-wrap\">\n                <a href=\"#\" class=\"nectar-love\" id=\"nectar-love-6395\" title=\"Love this\"> <i class=\"icon-salient-heart-2\"><\/i><span class=\"love-text\">Love<\/span><span class=\"total_loves\"><span class=\"nectar-love-count\">0<\/span><\/span><\/a>              <\/div><!--\/nectar-love-wrap-->\n            <\/div>\n\n          <\/div>\n\n        \n      <\/div><!--\/col-->\n\n      \n      <div class=\"col span_4 post-6389 post type-post status-publish format-standard has-post-thumbnail category-news\" >\n\n        \n            <div class=\"inner-wrap post-6389 post type-post status-publish format-standard has-post-thumbnail category-news\">\n\n            <a href=\"https:\/\/screenhealth.uc.pt\/pt\/international-conference-on-childhood-and-adolescence\/\" class=\"img-link\" ><span class=\"post-featured-img\"><img loading=\"lazy\" decoding=\"async\" width=\"500\" height=\"653\" src=\"https:\/\/screenhealth.uc.pt\/wp-content\/uploads\/2025\/02\/IMG_20250129_175735-1-1-500x653.jpg\" class=\"attachment-tall size-tall wp-post-image\" alt=\"Congresso Internacional da Crian\u00e7a e do Adolescente\" title=\"\" sizes=\"auto, (min-width: 1300px) 33vw, (min-width: 1000px) 33vw, (min-width: 690px) 100vw, 100vw\" \/><\/span><\/a><span class=\"meta-category\"><a class=\"news\" href=\"https:\/\/screenhealth.uc.pt\/pt\/category\/news\/\">Not\u00edcias<\/a><\/span><a class=\"entire-meta-link\" href=\"https:\/\/screenhealth.uc.pt\/pt\/international-conference-on-childhood-and-adolescence\/\" ><span class=\"screen-reader-text\">Congresso Internacional da Crian\u00e7a e do Adolescente<\/span><\/a>\n            <div class=\"article-content-wrap\">\n              <div class=\"post-header\">\n                <span class=\"meta\"> 27 de Fevereiro, 2025 <\/span>\n                <h3 class=\"title\">Congresso Internacional da Crian\u00e7a e do Adolescente<\/h3>\n              <\/div><!--\/post-header-->\n              <div class=\"excerpt\">\n                Some of the results of our project were presented at the 9th Edition of ICCA 2025, the International Conference on Childhood and Adolescence, which took place in Braga between January&hellip;              <\/div>\n            <\/div>\n\n            <div class=\"post-meta\">\n              <span class=\"meta-author\"> <a href=\"https:\/\/screenhealth.uc.pt\/pt\/author\/guerilla\/\"> <i class=\"icon-default-style icon-salient-m-user\"><\/i> guerilla<\/a> <\/span>\n\n              \n              <div class=\"nectar-love-wrap\">\n                <a href=\"#\" class=\"nectar-love\" id=\"nectar-love-6389\" title=\"Love this\"> <i class=\"icon-salient-heart-2\"><\/i><span class=\"love-text\">Love<\/span><span class=\"total_loves\"><span class=\"nectar-love-count\">0<\/span><\/span><\/a>              <\/div><!--\/nectar-love-wrap-->\n            <\/div>\n\n          <\/div>\n\n        \n      <\/div><!--\/col-->\n\n      \n      <div class=\"col span_4 post-6384 post type-post status-publish format-standard has-post-thumbnail category-news\" >\n\n        \n            <div class=\"inner-wrap post-6384 post type-post status-publish format-standard has-post-thumbnail category-news\">\n\n            <a href=\"https:\/\/screenhealth.uc.pt\/pt\/levels-of-overweight-and-obesity-in-portuguese-children\/\" class=\"img-link\" ><span class=\"post-featured-img\"><img loading=\"lazy\" decoding=\"async\" width=\"402\" height=\"543\" src=\"https:\/\/screenhealth.uc.pt\/wp-content\/uploads\/2025\/02\/niveis-de-excesso-de-peso.png\" class=\"attachment-tall size-tall wp-post-image\" alt=\"\" title=\"\" sizes=\"auto, (min-width: 1300px) 33vw, (min-width: 1000px) 33vw, (min-width: 690px) 100vw, 100vw\" srcset=\"https:\/\/screenhealth.uc.pt\/wp-content\/uploads\/2025\/02\/niveis-de-excesso-de-peso.png 402w, https:\/\/screenhealth.uc.pt\/wp-content\/uploads\/2025\/02\/niveis-de-excesso-de-peso-222x300.png 222w, https:\/\/screenhealth.uc.pt\/wp-content\/uploads\/2025\/02\/niveis-de-excesso-de-peso-9x12.png 9w\" \/><\/span><\/a><span class=\"meta-category\"><a class=\"news\" href=\"https:\/\/screenhealth.uc.pt\/pt\/category\/news\/\">Not\u00edcias<\/a><\/span><a class=\"entire-meta-link\" href=\"https:\/\/screenhealth.uc.pt\/pt\/levels-of-overweight-and-obesity-in-portuguese-children\/\" ><span class=\"screen-reader-text\">N\u00edveis de excesso de peso e obesidade nas crian\u00e7as portuguesas<\/span><\/a>\n            <div class=\"article-content-wrap\">\n              <div class=\"post-header\">\n                <span class=\"meta\"> 27 de Fevereiro, 2025 <\/span>\n                <h3 class=\"title\">N\u00edveis de excesso de peso e obesidade nas crian\u00e7as portuguesas<\/h3>\n              <\/div><!--\/post-header-->\n              <div class=\"excerpt\">\n                Daniela Rodrigues presented the paper \u201cEconomic disruptions and obesity in preschool children\u201d at the 33rd Congress organized by the European Childhood Obesity Group, ECOG (Gent, Belgium, from October 8 to&hellip;              <\/div>\n            <\/div>\n\n            <div class=\"post-meta\">\n              <span class=\"meta-author\"> <a href=\"https:\/\/screenhealth.uc.pt\/pt\/author\/guerilla\/\"> <i class=\"icon-default-style icon-salient-m-user\"><\/i> guerilla<\/a> <\/span>\n\n              \n              <div class=\"nectar-love-wrap\">\n                <a href=\"#\" class=\"nectar-love\" id=\"nectar-love-6384\" title=\"Love this\"> <i class=\"icon-salient-heart-2\"><\/i><span class=\"love-text\">Love<\/span><span class=\"total_loves\"><span class=\"nectar-love-count\">0<\/span><\/span><\/a>              <\/div><!--\/nectar-love-wrap-->\n            <\/div>\n\n          <\/div>\n\n        \n      <\/div><!--\/col-->\n\n      \n      <div class=\"col span_4 post-6363 post type-post status-publish format-standard has-post-thumbnail category-news\" >\n\n        \n            <div class=\"inner-wrap post-6363 post type-post status-publish format-standard has-post-thumbnail category-news\">\n\n            <a href=\"https:\/\/screenhealth.uc.pt\/pt\/noite-europeia-dos-investigadores\/\" class=\"img-link\" ><span class=\"post-featured-img\"><img loading=\"lazy\" decoding=\"async\" width=\"500\" height=\"1000\" src=\"https:\/\/screenhealth.uc.pt\/wp-content\/uploads\/2024\/10\/2-500x1000.png\" class=\"attachment-tall size-tall wp-post-image\" alt=\"\" title=\"\" sizes=\"auto, (min-width: 1300px) 33vw, (min-width: 1000px) 33vw, (min-width: 690px) 100vw, 100vw\" \/><\/span><\/a><span class=\"meta-category\"><a class=\"news\" href=\"https:\/\/screenhealth.uc.pt\/pt\/category\/news\/\">Not\u00edcias<\/a><\/span><a class=\"entire-meta-link\" href=\"https:\/\/screenhealth.uc.pt\/pt\/noite-europeia-dos-investigadores\/\" ><span class=\"screen-reader-text\">Noite Europeia dos Investigadores<\/span><\/a>\n            <div class=\"article-content-wrap\">\n              <div class=\"post-header\">\n                <span class=\"meta\"> 3 de Outubro, 2024 <\/span>\n                <h3 class=\"title\">Noite Europeia dos Investigadores<\/h3>\n              <\/div><!--\/post-header-->\n              <div class=\"excerpt\">\n                The ScreenHealth Project was at the European Researchers' Night 2024! In Coimbra, researchers Daniela Rodrigues, Gabriela Costa, Marina R\u00f3denas Munar and Milena Moraes shared with visitors of all ages the&hellip;              <\/div>\n            <\/div>\n\n            <div class=\"post-meta\">\n              <span class=\"meta-author\"> <a href=\"https:\/\/screenhealth.uc.pt\/pt\/author\/guerilla\/\"> <i class=\"icon-default-style icon-salient-m-user\"><\/i> guerilla<\/a> <\/span>\n\n              \n              <div class=\"nectar-love-wrap\">\n                <a href=\"#\" class=\"nectar-love\" id=\"nectar-love-6363\" title=\"Love this\"> <i class=\"icon-salient-heart-2\"><\/i><span class=\"love-text\">Love<\/span><span class=\"total_loves\"><span class=\"nectar-love-count\">0<\/span><\/span><\/a>              <\/div><!--\/nectar-love-wrap-->\n            <\/div>\n\n          <\/div>\n\n        \n      <\/div><!--\/col-->\n\n      \n      <div class=\"col span_4 post-6230 post type-post status-publish format-standard has-post-thumbnail category-news\" >\n\n        \n            <div class=\"inner-wrap post-6230 post type-post status-publish format-standard has-post-thumbnail category-news\">\n\n            <a href=\"https:\/\/screenhealth.uc.pt\/pt\/premio-apa-2023\/\" class=\"img-link\" ><span class=\"post-featured-img\"><img loading=\"lazy\" decoding=\"async\" width=\"500\" height=\"1000\" src=\"https:\/\/screenhealth.uc.pt\/wp-content\/uploads\/2024\/03\/Premio-APA-2023-500x1000.jpg\" class=\"attachment-tall size-tall wp-post-image\" alt=\"\" title=\"\" sizes=\"auto, (min-width: 1300px) 33vw, (min-width: 1000px) 33vw, (min-width: 690px) 100vw, 100vw\" \/><\/span><\/a><span class=\"meta-category\"><a class=\"news\" href=\"https:\/\/screenhealth.uc.pt\/pt\/category\/news\/\">Not\u00edcias<\/a><\/span><a class=\"entire-meta-link\" href=\"https:\/\/screenhealth.uc.pt\/pt\/premio-apa-2023\/\" ><span class=\"screen-reader-text\">Investigadora respons\u00e1vel do projeto SCREENHEALTH recebeu o Pr\u00e9mio APA 2023<\/span><\/a>\n            <div class=\"article-content-wrap\">\n              <div class=\"post-header\">\n                <span class=\"meta\"> 19 de Fevereiro, 2024 <\/span>\n                <h3 class=\"title\">Investigadora respons\u00e1vel do projeto SCREENHEALTH recebeu o Pr\u00e9mio APA 2023<\/h3>\n              <\/div><!--\/post-header-->\n              <div class=\"excerpt\">\n                Daniela Rodrigues (CIAS, DCV, University of Coimbra), researcher responsible for the project \u201cScreen Media Use Trajectories, Inequalities, and Long-Term Effects on Children\u2019s Obesity and Mental Health (SCREENHEALTH)\u201d, received the APA&hellip;              <\/div>\n            <\/div>\n\n            <div class=\"post-meta\">\n              <span class=\"meta-author\"> <a href=\"https:\/\/screenhealth.uc.pt\/pt\/author\/guerilla\/\"> <i class=\"icon-default-style icon-salient-m-user\"><\/i> guerilla<\/a> <\/span>\n\n                              <span class=\"meta-comment-count\">  <a href=\"https:\/\/screenhealth.uc.pt\/pt\/premio-apa-2023\/#respond\">\n                  <i class=\"icon-default-style steadysets-icon-chat-3\"><\/i> 0<\/a>\n                <\/span>\n              \n              <div class=\"nectar-love-wrap\">\n                <a href=\"#\" class=\"nectar-love\" id=\"nectar-love-6230\" title=\"Love this\"> <i class=\"icon-salient-heart-2\"><\/i><span class=\"love-text\">Love<\/span><span class=\"total_loves\"><span class=\"nectar-love-count\">0<\/span><\/span><\/a>              <\/div><!--\/nectar-love-wrap-->\n            <\/div>\n\n          <\/div>\n\n        \n      <\/div><!--\/col-->\n\n      \n    <\/div><!--\/blog-recent-->\n\n  \n\t\t\t<\/div> \n\t\t<\/div>\n\t<\/div> \n<\/div><\/div>","protected":false},"excerpt":{"rendered":"Daniela Rodrigues (CIAS, DCV, University of Coimbra), researcher responsible for the project \u201cScreen Media Use Trajectories, Inequalities, and Long-Term Effects on Children\u2019s Obesity and Mental Health (SCREENHEALTH)\u201d, received the APA...","protected":false},"author":1,"featured_media":0,"parent":0,"menu_order":0,"comment_status":"closed","ping_status":"closed","template":"","meta":{"footnotes":""},"class_list":["post-6041","page","type-page","status-publish"],"_links":{"self":[{"href":"https:\/\/screenhealth.uc.pt\/pt\/wp-json\/wp\/v2\/pages\/6041","targetHints":{"allow":["GET"]}}],"collection":[{"href":"https:\/\/screenhealth.uc.pt\/pt\/wp-json\/wp\/v2\/pages"}],"about":[{"href":"https:\/\/screenhealth.uc.pt\/pt\/wp-json\/wp\/v2\/types\/page"}],"author":[{"embeddable":true,"href":"https:\/\/screenhealth.uc.pt\/pt\/wp-json\/wp\/v2\/users\/1"}],"replies":[{"embeddable":true,"href":"https:\/\/screenhealth.uc.pt\/pt\/wp-json\/wp\/v2\/comments?post=6041"}],"version-history":[{"count":17,"href":"https:\/\/screenhealth.uc.pt\/pt\/wp-json\/wp\/v2\/pages\/6041\/revisions"}],"predecessor-version":[{"id":6422,"href":"https:\/\/screenhealth.uc.pt\/pt\/wp-json\/wp\/v2\/pages\/6041\/revisions\/6422"}],"wp:attachment":[{"href":"https:\/\/screenhealth.uc.pt\/pt\/wp-json\/wp\/v2\/media?parent=6041"}],"curies":[{"name":"wp","href":"https:\/\/api.w.org\/{rel}","templated":true}]}}